{"id":176,"date":"2018-09-14T19:57:51","date_gmt":"2018-09-14T19:57:51","guid":{"rendered":"https:\/\/amandakalil.com\/?page_id=176"},"modified":"2025-07-15T20:27:55","modified_gmt":"2025-07-15T20:27:55","slug":"nacionalidade-espanhola","status":"publish","type":"page","link":"https:\/\/studiomigratorio.com\/es\/nacionalidade-espanhola\/","title":{"rendered":"Nacionalidad espa\u00f1ola"},"content":{"rendered":"<div data-elementor-type=\"wp-page\" data-elementor-id=\"176\" class=\"elementor elementor-176\">\n\t\t\t\t\t\t<section class=\"elementor-section elementor-top-section elementor-element elementor-element-bbaf21f elementor-section-boxed elementor-section-height-default elementor-section-height-default\" data-id=\"bbaf21f\" data-element_type=\"section\" data-e-type=\"section\">\n\t\t\t\t\t\t<div class=\"elementor-container elementor-column-gap-default\">\n\t\t\t\t\t<div class=\"elementor-column elementor-col-100 elementor-top-column elementor-element elementor-element-4e32194\" data-id=\"4e32194\" data-element_type=\"column\" data-e-type=\"column\">\n\t\t\t<div class=\"elementor-widget-wrap elementor-element-populated\">\n\t\t\t\t\t\t<div class=\"elementor-element elementor-element-c446337 elementor-widget elementor-widget-spacer\" data-id=\"c446337\" data-element_type=\"widget\" data-e-type=\"widget\" data-widget_type=\"spacer.default\">\n\t\t\t\t\t\t\t<div class=\"elementor-spacer\">\n\t\t\t<div class=\"elementor-spacer-inner\"><\/div>\n\t\t<\/div>\n\t\t\t\t\t\t<\/div>\n\t\t\t\t<div class=\"elementor-element elementor-element-f4e4e14 elementor-widget elementor-widget-heading\" data-id=\"f4e4e14\" data-element_type=\"widget\" data-e-type=\"widget\" data-widget_type=\"heading.default\">\n\t\t\t\t\t<h1 class=\"elementor-heading-title elementor-size-default\">Nacionalidad espa\u00f1ola<\/h1>\t\t\t\t<\/div>\n\t\t\t\t<div class=\"elementor-element elementor-element-69a37a8 elementor-widget elementor-widget-spacer\" data-id=\"69a37a8\" data-element_type=\"widget\" data-e-type=\"widget\" data-widget_type=\"spacer.default\">\n\t\t\t\t\t\t\t<div class=\"elementor-spacer\">\n\t\t\t<div class=\"elementor-spacer-inner\"><\/div>\n\t\t<\/div>\n\t\t\t\t\t\t<\/div>\n\t\t\t\t<section class=\"elementor-section elementor-inner-section elementor-element elementor-element-2139053 elementor-section-boxed elementor-section-height-default elementor-section-height-default\" data-id=\"2139053\" data-element_type=\"section\" data-e-type=\"section\">\n\t\t\t\t\t\t<div class=\"elementor-container elementor-column-gap-default\">\n\t\t\t\t\t<div class=\"elementor-column elementor-col-50 elementor-inner-column elementor-element elementor-element-aa97df0\" data-id=\"aa97df0\" data-element_type=\"column\" data-e-type=\"column\">\n\t\t\t<div class=\"elementor-widget-wrap elementor-element-populated\">\n\t\t\t\t\t\t<div class=\"elementor-element elementor-element-6eb0414 elementor-widget elementor-widget-text-editor\" data-id=\"6eb0414\" data-element_type=\"widget\" data-e-type=\"widget\" data-widget_type=\"text-editor.default\">\n\t\t\t\t\t\t\t\t\t<p><b>Todo el apoyo que necesita para obtener la nacionalidad espa\u00f1ola<\/b><\/p><p><span style=\"font-weight: 400;\">Hoy en d\u00eda existen diferentes formas de obtener <\/span><a href=\"https:\/\/www.youtube.com\/watch?v=rLS9ymUYiH4\"><span style=\"font-weight: 400;\">nacionalidad espa\u00f1ola<\/span><\/a><span style=\"font-weight: 400;\">, las m\u00e1s comunes son: por descendencia (padres o abuelos), por presunci\u00f3n y por residencia.\u00a0\u00a0<\/span><\/p><p><span style=\"font-weight: 400;\">El derecho a <\/span><b>nacionalidad espa\u00f1ola por origen <\/b><span style=\"font-weight: 400;\">se basa en el <\/span><i><span style=\"font-weight: 400;\">ius sanguinis <\/span><\/i><span style=\"font-weight: 400;\">(derecho de sangre) y se refiere a las personas que son hijas de espa\u00f1oles.<\/span><\/p><p><span style=\"font-weight: 400;\">Adem\u00e1s, seg\u00fan la <\/span><b>legislaci\u00f3n vigente<\/b><span style=\"font-weight: 400;\">, los descendientes de abuelos espa\u00f1oles tambi\u00e9n pueden tener derecho a la nacionalidad, siempre que cumplan ciertos requisitos, como ser menores de 21 a\u00f1os.<\/span><\/p><p style=\"font-style: normal; font-variant-ligatures: normal; font-variant-caps: normal; font-weight: 400; font-size: 20px; font-family: Roboto, sans-serif; margin-block-end: var(--theme-content-spacing);\">Por otra parte, la nacionalidad\u00a0<span style=\"font-weight: bold;\">por valor de simple presunci\u00f3n<\/span>, la Ley de Nacionalidad Espa\u00f1ola, que concede la nacionalidad espa\u00f1ola a los ni\u00f1os nacidos en Espa\u00f1a que son \"ap\u00e1tridas\", es decir, que no tienen ninguna nacionalidad. Depende de la nacionalidad que posean los padres y de la confirmaci\u00f3n de que no han inscrito al ni\u00f1o en el consulado de su pa\u00eds.<\/p><p style=\"font-style: normal; font-variant-ligatures: normal; font-variant-caps: normal; font-weight: 400; font-size: 20px; font-family: Roboto, sans-serif; margin-block-end: var(--theme-content-spacing);\"><span style=\"font-family: inherit; font-size: inherit; font-style: inherit; font-variant-ligatures: inherit; font-variant-caps: inherit; background-color: var(--theme-palette-color-7); letter-spacing: var(--theme-letter-spacing); text-transform: var(--theme-text-transform);\">En\u00a0<\/span><span style=\"font-weight: bold; font-family: inherit; font-size: inherit; font-style: inherit; font-variant-ligatures: inherit; font-variant-caps: inherit; background-color: var(--theme-palette-color-7); letter-spacing: var(--theme-letter-spacing); text-transform: var(--theme-text-transform);\">nacionalidad por residencia<\/span><span style=\"font-family: inherit; font-size: inherit; font-style: inherit; font-variant-ligatures: inherit; font-variant-caps: inherit; background-color: var(--theme-palette-color-7); letter-spacing: var(--theme-letter-spacing); text-transform: var(--theme-text-transform);\">\u00a0la solicitan aquellos brasile\u00f1os que, habiendo vivido de forma continuada en Espa\u00f1a, hayan alcanzado dos a\u00f1os o m\u00e1s de residencia legal (lo que no incluye el permiso de residencia). Los brasile\u00f1os que sean nietos de espa\u00f1oles o est\u00e9n casados con espa\u00f1oles tambi\u00e9n pueden solicitar la nacionalidad por un per\u00edodo reducido de un a\u00f1o.<\/span><\/p>\t\t\t\t\t\t\t\t<\/div>\n\t\t\t\t\t<\/div>\n\t\t<\/div>\n\t\t\t\t<div class=\"elementor-column elementor-col-50 elementor-inner-column elementor-element elementor-element-f751d19\" data-id=\"f751d19\" data-element_type=\"column\" data-e-type=\"column\">\n\t\t\t<div class=\"elementor-widget-wrap elementor-element-populated\">\n\t\t\t\t\t\t<div class=\"elementor-element elementor-element-86e24f8 elementor-widget elementor-widget-image\" data-id=\"86e24f8\" data-element_type=\"widget\" data-e-type=\"widget\" data-widget_type=\"image.default\">\n\t\t\t\t\t\t\t\t\t\t\t\t\t\t\t<img fetchpriority=\"high\" decoding=\"async\" width=\"768\" height=\"512\" src=\"https:\/\/studiomigratorio.com\/wp-content\/uploads\/2022\/01\/the-spanish-flag-on-the-roof-of-a-building-with-a-2021-09-02-16-37-14-utc-768x512.jpg\" class=\"attachment-medium_large size-medium_large wp-image-3829\" alt=\"nacionalidad espa\u00f1ola\" srcset=\"https:\/\/studiomigratorio.com\/wp-content\/uploads\/2022\/01\/the-spanish-flag-on-the-roof-of-a-building-with-a-2021-09-02-16-37-14-utc-768x512.jpg 768w, https:\/\/studiomigratorio.com\/wp-content\/uploads\/2022\/01\/the-spanish-flag-on-the-roof-of-a-building-with-a-2021-09-02-16-37-14-utc-300x200.jpg 300w, https:\/\/studiomigratorio.com\/wp-content\/uploads\/2022\/01\/the-spanish-flag-on-the-roof-of-a-building-with-a-2021-09-02-16-37-14-utc-1024x683.jpg 1024w, https:\/\/studiomigratorio.com\/wp-content\/uploads\/2022\/01\/the-spanish-flag-on-the-roof-of-a-building-with-a-2021-09-02-16-37-14-utc-1536x1024.jpg 1536w, https:\/\/studiomigratorio.com\/wp-content\/uploads\/2022\/01\/the-spanish-flag-on-the-roof-of-a-building-with-a-2021-09-02-16-37-14-utc-scaled.jpg 2048w\" sizes=\"(max-width: 768px) 100vw, 768px\" \/>\t\t\t\t\t\t\t\t\t\t\t\t\t\t\t<\/div>\n\t\t\t\t<div class=\"elementor-element elementor-element-8752458 elementor-widget elementor-widget-text-editor\" data-id=\"8752458\" data-element_type=\"widget\" data-e-type=\"widget\" data-widget_type=\"text-editor.default\">\n\t\t\t\t\t\t\t\t\t<p><span style=\"font-family: inherit; font-size: inherit; font-style: inherit; font-variant-ligatures: inherit; font-variant-caps: inherit; background-color: var(--theme-palette-color-7); letter-spacing: var(--theme-letter-spacing); text-transform: var(--theme-text-transform);\">Sea cual sea el criterio, al contratar un servicio de asesoramiento sobre nacionalidad espa\u00f1ola recibir\u00e1 apoyo desde el principio hasta el final del proceso, siempre con una gran dedicaci\u00f3n. <\/span><b style=\"font-family: inherit; font-size: inherit; font-style: inherit; font-variant-ligatures: inherit; font-variant-caps: inherit; background-color: var(--theme-palette-color-7); letter-spacing: var(--theme-letter-spacing); text-transform: var(--theme-text-transform);\">transparencia y personalizaci\u00f3n<\/b><span style=\"font-family: inherit; font-size: inherit; font-style: inherit; font-variant-ligatures: inherit; font-variant-caps: inherit; background-color: var(--theme-palette-color-7); letter-spacing: var(--theme-letter-spacing); text-transform: var(--theme-text-transform);\">. Al fin y al cabo, cada caso es diferente y debe tratarse adecuadamente, aumentando las posibilidades de obtener un rendimiento positivo.\u00a0<\/span><\/p><p><span style=\"font-weight: 400;\">En cualquier caso, en caso de denegaci\u00f3n, como <\/span><b>abogada especializada en inmigraci\u00f3n<\/b><span style=\"font-weight: 400;\">, presento <\/span><b>recursos administrativos<\/b><span style=\"font-weight: 400;\"> para revisar el proceso. Es una precauci\u00f3n necesaria dise\u00f1ada para darte tranquilidad y seguridad.\u00a0<\/span><\/p><p><span style=\"font-weight: 400;\">Reserve su <\/span><a href=\"https:\/\/studiomigratorio.com\/es\/agenda\/\"><span style=\"font-weight: 400;\">consulta online<\/span><\/a><span style=\"font-weight: 400;\"> e vamos juntos iniciar seu processo de solicita\u00e7\u00e3o da nacionalidade espanhola. Em caso de d\u00favidas, escreva um email para info@studiomigratorio.com<\/span><span style=\"font-weight: 400;\">.\u00a0 <\/span><\/p>\t\t\t\t\t\t\t\t<\/div>\n\t\t\t\t\t<\/div>\n\t\t<\/div>\n\t\t\t\t\t<\/div>\n\t\t<\/section>\n\t\t\t\t\t<\/div>\n\t\t<\/div>\n\t\t\t\t\t<\/div>\n\t\t<\/section>\n\t\t\t\t<section class=\"elementor-section elementor-top-section elementor-element elementor-element-e8d1a4c elementor-section-boxed elementor-section-height-default elementor-section-height-default\" data-id=\"e8d1a4c\" data-element_type=\"section\" data-e-type=\"section\">\n\t\t\t\t\t\t<div class=\"elementor-container elementor-column-gap-default\">\n\t\t\t\t\t<div class=\"elementor-column elementor-col-100 elementor-top-column elementor-element elementor-element-dd7e91f\" data-id=\"dd7e91f\" data-element_type=\"column\" data-e-type=\"column\">\n\t\t\t<div class=\"elementor-widget-wrap elementor-element-populated\">\n\t\t\t\t\t\t<div class=\"elementor-element elementor-element-517e796 elementor-align-center elementor-widget elementor-widget-button\" data-id=\"517e796\" data-element_type=\"widget\" data-e-type=\"widget\" data-widget_type=\"button.default\">\n\t\t\t\t\t\t\t\t\t\t<a class=\"elementor-button elementor-button-link elementor-size-md\" href=\"https:\/\/studiomigratorio.com\/es\/agenda\/\">\n\t\t\t\t\t\t<span class=\"elementor-button-content-wrapper\">\n\t\t\t\t\t\t<span class=\"elementor-button-icon\">\n\t\t\t\t<svg aria-hidden=\"true\" class=\"e-font-icon-svg e-far-calendar-minus\" viewbox=\"0 0 448 512\" xmlns=\"http:\/\/www.w3.org\/2000\/svg\"><path d=\"M124 328c-6.6 0-12-5.4-12-12v-24c0-6.6 5.4-12 12-12h200c6.6 0 12 5.4 12 12v24c0 6.6-5.4 12-12 12H124zm324-216v352c0 26.5-21.5 48-48 48H48c-26.5 0-48-21.5-48-48V112c0-26.5 21.5-48 48-48h48V12c0-6.6 5.4-12 12-12h40c6.6 0 12 5.4 12 12v52h128V12c0-6.6 5.4-12 12-12h40c6.6 0 12 5.4 12 12v52h48c26.5 0 48 21.5 48 48zm-48 346V160H48v298c0 3.3 2.7 6 6 6h340c3.3 0 6-2.7 6-6z\"><\/path><\/svg>\t\t\t<\/span>\n\t\t\t\t\t\t\t\t\t<span class=\"elementor-button-text\">Quiero una cita<\/span>\n\t\t\t\t\t<\/span>\n\t\t\t\t\t<\/a>\n\t\t\t\t\t\t\t\t<\/div>\n\t\t\t\t<div class=\"elementor-element elementor-element-df7667c elementor-widget elementor-widget-spacer\" data-id=\"df7667c\" data-element_type=\"widget\" data-e-type=\"widget\" data-widget_type=\"spacer.default\">\n\t\t\t\t\t\t\t<div class=\"elementor-spacer\">\n\t\t\t<div class=\"elementor-spacer-inner\"><\/div>\n\t\t<\/div>\n\t\t\t\t\t\t<\/div>\n\t\t\t\t\t<\/div>\n\t\t<\/div>\n\t\t\t\t\t<\/div>\n\t\t<\/section>\n\t\t\t\t<\/div>","protected":false},"excerpt":{"rendered":"<p>Nacionalidade Espanhola Todo o suporte que voc\u00ea precisa para obter a cidadania espanhola Atualmente, existem diferentes formas de obten\u00e7\u00e3o da nacionalidade espanhola, sendo as mais comuns: por descend\u00eancia (pais ou av\u00f3s), por presun\u00e7\u00e3o e por resid\u00eancia.\u00a0\u00a0 O direito \u00e0 cidadania espanhola por origem est\u00e1 baseado no crit\u00e9rio do ius sanguinis (direito de sangue) e se [&hellip;]<\/p>\n","protected":false},"author":2,"featured_media":0,"parent":0,"menu_order":0,"comment_status":"closed","ping_status":"closed","template":"","meta":{"footnotes":""},"class_list":["post-176","page","type-page","status-publish","hentry"],"blocksy_meta":{"styles_descriptor":{"styles":{"desktop":"","tablet":"","mobile":""},"google_fonts":[],"version":6}},"yoast_head":"<!-- This site is optimized with the Yoast SEO plugin v27.4 - https:\/\/yoast.com\/product\/yoast-seo-wordpress\/ -->\n<title>Nacionalidade Espanhola - Studio Migrat\u00f3rio<\/title>\n<meta name=\"description\" content=\"Assessoria integral para voc\u00ea come\u00e7ar a estudar ou continuar seus estudos universit\u00e1rios na Espanha. Escolha de universidade, an\u00e1lise de documentos, tr\u00e2mite...\" \/>\n<meta name=\"robots\" content=\"index, follow, max-snippet:-1, max-image-preview:large, max-video-preview:-1\" \/>\n<link rel=\"canonical\" href=\"https:\/\/studiomigratorio.com\/es\/nacionalidade-espanhola\/\" \/>\n<meta property=\"og:locale\" content=\"es_ES\" \/>\n<meta property=\"og:type\" content=\"article\" \/>\n<meta property=\"og:title\" content=\"Nacionalidade Espanhola - Studio Migrat\u00f3rio\" \/>\n<meta property=\"og:description\" content=\"Assessoria integral para voc\u00ea come\u00e7ar a estudar ou continuar seus estudos universit\u00e1rios na Espanha. Escolha de universidade, an\u00e1lise de documentos, tr\u00e2mite...\" \/>\n<meta property=\"og:url\" content=\"https:\/\/studiomigratorio.com\/es\/nacionalidade-espanhola\/\" \/>\n<meta property=\"og:site_name\" content=\"Studio Migrat\u00f3rio\" \/>\n<meta property=\"article:modified_time\" content=\"2025-07-15T20:27:55+00:00\" \/>\n<meta property=\"og:image\" content=\"https:\/\/studiomigratorio.com\/wp-content\/uploads\/2022\/01\/the-spanish-flag-on-the-roof-of-a-building-with-a-2021-09-02-16-37-14-utc-scaled.jpg\" \/>\n\t<meta property=\"og:image:width\" content=\"2048\" \/>\n\t<meta property=\"og:image:height\" content=\"1366\" \/>\n\t<meta property=\"og:image:type\" content=\"image\/jpeg\" \/>\n<meta name=\"twitter:card\" content=\"summary_large_image\" \/>\n<meta name=\"twitter:label1\" content=\"Tiempo de lectura\" \/>\n\t<meta name=\"twitter:data1\" content=\"2 minutos\" \/>\n<script type=\"application\/ld+json\" class=\"yoast-schema-graph\">{\"@context\":\"https:\\\/\\\/schema.org\",\"@graph\":[{\"@type\":\"WebPage\",\"@id\":\"https:\\\/\\\/studiomigratorio.com\\\/nacionalidade-espanhola\\\/\",\"url\":\"https:\\\/\\\/studiomigratorio.com\\\/nacionalidade-espanhola\\\/\",\"name\":\"Nacionalidade Espanhola - Studio Migrat\u00f3rio\",\"isPartOf\":{\"@id\":\"https:\\\/\\\/studiomigratorio.com\\\/#website\"},\"primaryImageOfPage\":{\"@id\":\"https:\\\/\\\/studiomigratorio.com\\\/nacionalidade-espanhola\\\/#primaryimage\"},\"image\":{\"@id\":\"https:\\\/\\\/studiomigratorio.com\\\/nacionalidade-espanhola\\\/#primaryimage\"},\"thumbnailUrl\":\"https:\\\/\\\/studiomigratorio.com\\\/wp-content\\\/uploads\\\/2022\\\/01\\\/the-spanish-flag-on-the-roof-of-a-building-with-a-2021-09-02-16-37-14-utc-768x512.jpg\",\"datePublished\":\"2018-09-14T19:57:51+00:00\",\"dateModified\":\"2025-07-15T20:27:55+00:00\",\"description\":\"Assessoria integral para voc\u00ea come\u00e7ar a estudar ou continuar seus estudos universit\u00e1rios na Espanha. Escolha de universidade, an\u00e1lise de documentos, tr\u00e2mite...\",\"breadcrumb\":{\"@id\":\"https:\\\/\\\/studiomigratorio.com\\\/nacionalidade-espanhola\\\/#breadcrumb\"},\"inLanguage\":\"es\",\"potentialAction\":[{\"@type\":\"ReadAction\",\"target\":[\"https:\\\/\\\/studiomigratorio.com\\\/nacionalidade-espanhola\\\/\"]}]},{\"@type\":\"ImageObject\",\"inLanguage\":\"es\",\"@id\":\"https:\\\/\\\/studiomigratorio.com\\\/nacionalidade-espanhola\\\/#primaryimage\",\"url\":\"https:\\\/\\\/studiomigratorio.com\\\/wp-content\\\/uploads\\\/2022\\\/01\\\/the-spanish-flag-on-the-roof-of-a-building-with-a-2021-09-02-16-37-14-utc-768x512.jpg\",\"contentUrl\":\"https:\\\/\\\/studiomigratorio.com\\\/wp-content\\\/uploads\\\/2022\\\/01\\\/the-spanish-flag-on-the-roof-of-a-building-with-a-2021-09-02-16-37-14-utc-768x512.jpg\"},{\"@type\":\"BreadcrumbList\",\"@id\":\"https:\\\/\\\/studiomigratorio.com\\\/nacionalidade-espanhola\\\/#breadcrumb\",\"itemListElement\":[{\"@type\":\"ListItem\",\"position\":1,\"name\":\"Portada\",\"item\":\"https:\\\/\\\/studiomigratorio.com\\\/\"},{\"@type\":\"ListItem\",\"position\":2,\"name\":\"Nacionalidade Espanhola\"}]},{\"@type\":\"WebSite\",\"@id\":\"https:\\\/\\\/studiomigratorio.com\\\/#website\",\"url\":\"https:\\\/\\\/studiomigratorio.com\\\/\",\"name\":\"Studio Migrat\u00f3rio\",\"description\":\"Studio Migrat\u00f3rio para Espanha\",\"publisher\":{\"@id\":\"https:\\\/\\\/studiomigratorio.com\\\/#\\\/schema\\\/person\\\/8b0bad7ae66355a8566a6db71308101b\"},\"potentialAction\":[{\"@type\":\"SearchAction\",\"target\":{\"@type\":\"EntryPoint\",\"urlTemplate\":\"https:\\\/\\\/studiomigratorio.com\\\/?s={search_term_string}\"},\"query-input\":{\"@type\":\"PropertyValueSpecification\",\"valueRequired\":true,\"valueName\":\"search_term_string\"}}],\"inLanguage\":\"es\"},{\"@type\":[\"Person\",\"Organization\"],\"@id\":\"https:\\\/\\\/studiomigratorio.com\\\/#\\\/schema\\\/person\\\/8b0bad7ae66355a8566a6db71308101b\",\"name\":\"Amanda Kalil\",\"image\":{\"@type\":\"ImageObject\",\"inLanguage\":\"es\",\"@id\":\"https:\\\/\\\/studiomigratorio.com\\\/wp-content\\\/uploads\\\/2020\\\/12\\\/IMG_20201121_152036-scaled.jpg\",\"url\":\"https:\\\/\\\/studiomigratorio.com\\\/wp-content\\\/uploads\\\/2020\\\/12\\\/IMG_20201121_152036-scaled.jpg\",\"contentUrl\":\"https:\\\/\\\/studiomigratorio.com\\\/wp-content\\\/uploads\\\/2020\\\/12\\\/IMG_20201121_152036-scaled.jpg\",\"width\":1920,\"height\":2560,\"caption\":\"Amanda Kalil\"},\"logo\":{\"@id\":\"https:\\\/\\\/studiomigratorio.com\\\/wp-content\\\/uploads\\\/2020\\\/12\\\/IMG_20201121_152036-scaled.jpg\"},\"sameAs\":[\"https:\\\/\\\/studiomigratorio.com\\\/\"]}]}<\/script>\n<!-- \/ Yoast SEO plugin. -->","yoast_head_json":{"title":"Nacionalidade Espanhola - Studio Migrat\u00f3rio","description":"Assessoria integral para voc\u00ea come\u00e7ar a estudar ou continuar seus estudos universit\u00e1rios na Espanha. Escolha de universidade, an\u00e1lise de documentos, tr\u00e2mite...","robots":{"index":"index","follow":"follow","max-snippet":"max-snippet:-1","max-image-preview":"max-image-preview:large","max-video-preview":"max-video-preview:-1"},"canonical":"https:\/\/studiomigratorio.com\/es\/nacionalidade-espanhola\/","og_locale":"es_ES","og_type":"article","og_title":"Nacionalidade Espanhola - Studio Migrat\u00f3rio","og_description":"Assessoria integral para voc\u00ea come\u00e7ar a estudar ou continuar seus estudos universit\u00e1rios na Espanha. Escolha de universidade, an\u00e1lise de documentos, tr\u00e2mite...","og_url":"https:\/\/studiomigratorio.com\/es\/nacionalidade-espanhola\/","og_site_name":"Studio Migrat\u00f3rio","article_modified_time":"2025-07-15T20:27:55+00:00","og_image":[{"width":2048,"height":1366,"url":"https:\/\/studiomigratorio.com\/wp-content\/uploads\/2022\/01\/the-spanish-flag-on-the-roof-of-a-building-with-a-2021-09-02-16-37-14-utc-scaled.jpg","type":"image\/jpeg"}],"twitter_card":"summary_large_image","twitter_misc":{"Tiempo de lectura":"2 minutos"},"schema":{"@context":"https:\/\/schema.org","@graph":[{"@type":"WebPage","@id":"https:\/\/studiomigratorio.com\/nacionalidade-espanhola\/","url":"https:\/\/studiomigratorio.com\/nacionalidade-espanhola\/","name":"Nacionalidade Espanhola - Studio Migrat\u00f3rio","isPartOf":{"@id":"https:\/\/studiomigratorio.com\/#website"},"primaryImageOfPage":{"@id":"https:\/\/studiomigratorio.com\/nacionalidade-espanhola\/#primaryimage"},"image":{"@id":"https:\/\/studiomigratorio.com\/nacionalidade-espanhola\/#primaryimage"},"thumbnailUrl":"https:\/\/studiomigratorio.com\/wp-content\/uploads\/2022\/01\/the-spanish-flag-on-the-roof-of-a-building-with-a-2021-09-02-16-37-14-utc-768x512.jpg","datePublished":"2018-09-14T19:57:51+00:00","dateModified":"2025-07-15T20:27:55+00:00","description":"Assessoria integral para voc\u00ea come\u00e7ar a estudar ou continuar seus estudos universit\u00e1rios na Espanha. Escolha de universidade, an\u00e1lise de documentos, tr\u00e2mite...","breadcrumb":{"@id":"https:\/\/studiomigratorio.com\/nacionalidade-espanhola\/#breadcrumb"},"inLanguage":"es","potentialAction":[{"@type":"ReadAction","target":["https:\/\/studiomigratorio.com\/nacionalidade-espanhola\/"]}]},{"@type":"ImageObject","inLanguage":"es","@id":"https:\/\/studiomigratorio.com\/nacionalidade-espanhola\/#primaryimage","url":"https:\/\/studiomigratorio.com\/wp-content\/uploads\/2022\/01\/the-spanish-flag-on-the-roof-of-a-building-with-a-2021-09-02-16-37-14-utc-768x512.jpg","contentUrl":"https:\/\/studiomigratorio.com\/wp-content\/uploads\/2022\/01\/the-spanish-flag-on-the-roof-of-a-building-with-a-2021-09-02-16-37-14-utc-768x512.jpg"},{"@type":"BreadcrumbList","@id":"https:\/\/studiomigratorio.com\/nacionalidade-espanhola\/#breadcrumb","itemListElement":[{"@type":"ListItem","position":1,"name":"Portada","item":"https:\/\/studiomigratorio.com\/"},{"@type":"ListItem","position":2,"name":"Nacionalidade Espanhola"}]},{"@type":"WebSite","@id":"https:\/\/studiomigratorio.com\/#website","url":"https:\/\/studiomigratorio.com\/","name":"Studio Migrat\u00f3rio","description":"Studio Migrat\u00f3rio para Espanha","publisher":{"@id":"https:\/\/studiomigratorio.com\/#\/schema\/person\/8b0bad7ae66355a8566a6db71308101b"},"potentialAction":[{"@type":"SearchAction","target":{"@type":"EntryPoint","urlTemplate":"https:\/\/studiomigratorio.com\/?s={search_term_string}"},"query-input":{"@type":"PropertyValueSpecification","valueRequired":true,"valueName":"search_term_string"}}],"inLanguage":"es"},{"@type":["Person","Organization"],"@id":"https:\/\/studiomigratorio.com\/#\/schema\/person\/8b0bad7ae66355a8566a6db71308101b","name":"Amanda Kalil","image":{"@type":"ImageObject","inLanguage":"es","@id":"https:\/\/studiomigratorio.com\/wp-content\/uploads\/2020\/12\/IMG_20201121_152036-scaled.jpg","url":"https:\/\/studiomigratorio.com\/wp-content\/uploads\/2020\/12\/IMG_20201121_152036-scaled.jpg","contentUrl":"https:\/\/studiomigratorio.com\/wp-content\/uploads\/2020\/12\/IMG_20201121_152036-scaled.jpg","width":1920,"height":2560,"caption":"Amanda Kalil"},"logo":{"@id":"https:\/\/studiomigratorio.com\/wp-content\/uploads\/2020\/12\/IMG_20201121_152036-scaled.jpg"},"sameAs":["https:\/\/studiomigratorio.com\/"]}]}},"amp_enabled":true,"_links":{"self":[{"href":"https:\/\/studiomigratorio.com\/es\/wp-json\/wp\/v2\/pages\/176","targetHints":{"allow":["GET"]}}],"collection":[{"href":"https:\/\/studiomigratorio.com\/es\/wp-json\/wp\/v2\/pages"}],"about":[{"href":"https:\/\/studiomigratorio.com\/es\/wp-json\/wp\/v2\/types\/page"}],"author":[{"embeddable":true,"href":"https:\/\/studiomigratorio.com\/es\/wp-json\/wp\/v2\/users\/2"}],"replies":[{"embeddable":true,"href":"https:\/\/studiomigratorio.com\/es\/wp-json\/wp\/v2\/comments?post=176"}],"version-history":[{"count":0,"href":"https:\/\/studiomigratorio.com\/es\/wp-json\/wp\/v2\/pages\/176\/revisions"}],"wp:attachment":[{"href":"https:\/\/studiomigratorio.com\/es\/wp-json\/wp\/v2\/media?parent=176"}],"curies":[{"name":"wp","href":"https:\/\/api.w.org\/{rel}","templated":true}]}}